{"id":2098,"date":"2015-10-19T17:41:24","date_gmt":"2015-10-19T17:41:24","guid":{"rendered":"http:\/\/internationaled.com\/programs\/?lang=tr"},"modified":"2016-07-22T09:31:26","modified_gmt":"2016-07-22T09:31:26","slug":"programs","status":"publish","type":"page","link":"https:\/\/www.internationaled.com\/tr\/programs\/","title":{"rendered":"Programlar\u0131m\u0131z"},"content":{"rendered":"<p>Uluslararas\u0131 \u00f6\u011frencilere ders y\u0131l\u0131 boyunca \u00e7ok say\u0131da program sunulmaktad\u0131r. 10 ay s\u00fcren, \u00f6\u011frencilerin normal s\u0131n\u0131flara yerle\u015ftirildi\u011fi programlar yan\u0131nda 1 haftal\u0131k. Temmuz ve A\u011fustos aylar\u0131nda Yaz D\u00f6nemi ESL\/K\u00fclt\u00fcr Program\u0131 sunmaktay\u0131z; bu program sabahlar\u0131 yar\u0131m g\u00fcn s\u0131n\u0131f etkinliklerini, \u00f6\u011fleden sonra ise \u00f6\u011frencilerin yeni kazand\u0131klar\u0131 \u0130ngilizce becerilerini uygulamaya koyabilecekleri k\u00fclt\u00fcr etkinliklerini i\u00e7ermektedir. 9, 10 ve 11. s\u0131n\u0131flar i\u00e7in \u0130ngilizce dersine haz\u0131rl\u0131k kurslar\u0131 da yaz d\u00f6nemi programlar\u0131m\u0131z aras\u0131nda yer almaktad\u0131r. 4 haftal\u0131k K\u0131sa S\u00fcreli Yo\u011fun ESL kurslar\u0131 ilkokul, ortaokul ve lise \u00f6\u011frencileri i\u00e7in Eyl\u00fcl \u2013 Haziran aylar\u0131 aras\u0131nda sunulmaktad\u0131r.<\/p>\n<p>Eyalet taraf\u0131ndan belirlenen m\u00fcfredatta bulunan ana dersler \u015funlard\u0131r: \u0130ngilizce, sosyal bilimler, matematik, biyoloji, kimya, fizik, g\u00fczel sanatlar, ve mesleki ve teknoloji ile ilgili \u00e7al\u0131\u015fmalar. Bunlara ek olarak \u00f6\u011frenciler, \u00e7ok say\u0131da se\u00e7meli ders aras\u0131ndan istediklerini se\u00e7erek British Columbia eyaleti e\u011fitim sisteminin gerektirdi\u011fi ko\u015fullar do\u011frultusunda \u00f6zg\u00fcn bir program olu\u015fturabilirler. Coquitlam okul sisteminde 12. s\u0131n\u0131ftan mezun olan \u00f6\u011frenciler Kanada ve di\u011fer yerlerdeki t\u00fcm \u00fcniversite, y\u00fcksek okul ve enstit\u00fclere ba\u015fvurma hakk\u0131 kazanmaktad\u0131r. Derslerinde ba\u015far\u0131l\u0131 \u00f6\u011frenciler i\u00e7in Uluslararas\u0131 Bakalorya ve \u0130leri Yerle\u015ftirme Programlar\u0131 da mevcuttur.<\/p>\n<p>Liselerde \u00fcniversite seviyesinde dersler de verilmektedir; \u00f6\u011frenciler bu derslerde g\u00f6sterdikleri ba\u015far\u0131 \u00f6l\u00e7\u00fcs\u00fcnde, daha sonra d\u00fcnyan\u0131n her yan\u0131ndaki y\u00fcksek \u00f6\u011fretim kurumlar\u0131na giri\u015fte kullanabilecekleri ders kredisi kazan\u0131rlar. Uluslararas\u0131 \u00f6\u011frenciler Kanada\u2019n\u0131n \u00f6nde gelen bir okul b\u00f6lgesinden mezun olman\u0131n yan\u0131nda, d\u00fcnyan\u0131n d\u00f6rt bir yan\u0131nda aranan bir beceri olan ak\u0131c\u0131 \u0130ngilizce konu\u015fma becerisini de kazanma avantaj\u0131na sahip olmaktad\u0131rlar.<\/p>\n","protected":false},"excerpt":{"rendered":"<p>Uluslararas\u0131 \u00f6\u011frencilere ders y\u0131l\u0131 boyunca \u00e7ok say\u0131da program sunulmaktad\u0131r. 10 ay s\u00fcren, \u00f6\u011frencilerin normal s\u0131n\u0131flara yerle\u015ftirildi\u011fi programlar yan\u0131nda 1 haftal\u0131k. Temmuz ve A\u011fustos aylar\u0131nda Yaz D\u00f6nemi ESL\/K\u00fclt\u00fcr Program\u0131 sunmaktay\u0131z; bu program sabahlar\u0131 yar\u0131m g\u00fcn s\u0131n\u0131f etkinliklerini, \u00f6\u011fleden sonra ise \u00f6\u011frencilerin yeni kazand\u0131klar\u0131 \u0130ngilizce becerilerini uygulamaya koyabilecekleri k\u00fclt\u00fcr etkinliklerini i\u00e7ermektedir. 9, 10 ve 11. s\u0131n\u0131flar i\u00e7in &hellip; <a href=\"https:\/\/www.internationaled.com\/tr\/programs\/\" class=\"more-link\">Continue reading <span class=\"screen-reader-text\">Programlar\u0131m\u0131z<\/span> <span class=\"meta-nav\">&rarr;<\/span><\/a><\/p>\n","protected":false},"author":14,"featured_media":317,"parent":0,"menu_order":0,"comment_status":"closed","ping_status":"closed","template":"page-standard.php","meta":{"footnotes":""},"class_list":["post-2098","page","type-page","status-publish","has-post-thumbnail","hentry"],"yoast_head":"<!-- This site is optimized with the Yoast SEO plugin v27.4 - https:\/\/yoast.com\/product\/yoast-seo-wordpress\/ -->\n<title>Programlar\u0131m\u0131z - Coquitlam School District 43<\/title>\n<meta name=\"robots\" content=\"index, follow, max-snippet:-1, max-image-preview:large, max-video-preview:-1\" \/>\n<link rel=\"canonical\" href=\"https:\/\/www.internationaled.com\/tr\/programs\/\" \/>\n<meta property=\"og:locale\" content=\"tr_TR\" \/>\n<meta property=\"og:type\" content=\"article\" \/>\n<meta property=\"og:title\" content=\"Programlar\u0131m\u0131z - Coquitlam School District 43\" \/>\n<meta property=\"og:description\" content=\"Uluslararas\u0131 \u00f6\u011frencilere ders y\u0131l\u0131 boyunca \u00e7ok say\u0131da program sunulmaktad\u0131r. 10 ay s\u00fcren, \u00f6\u011frencilerin normal s\u0131n\u0131flara yerle\u015ftirildi\u011fi programlar yan\u0131nda 1 haftal\u0131k. Temmuz ve A\u011fustos aylar\u0131nda Yaz D\u00f6nemi ESL\/K\u00fclt\u00fcr Program\u0131 sunmaktay\u0131z; bu program sabahlar\u0131 yar\u0131m g\u00fcn s\u0131n\u0131f etkinliklerini, \u00f6\u011fleden sonra ise \u00f6\u011frencilerin yeni kazand\u0131klar\u0131 \u0130ngilizce becerilerini uygulamaya koyabilecekleri k\u00fclt\u00fcr etkinliklerini i\u00e7ermektedir. 9, 10 ve 11. s\u0131n\u0131flar i\u00e7in &hellip; Continue reading Programlar\u0131m\u0131z &rarr;\" \/>\n<meta property=\"og:url\" content=\"https:\/\/www.internationaled.com\/tr\/programs\/\" \/>\n<meta property=\"og:site_name\" content=\"Coquitlam School District 43\" \/>\n<meta property=\"article:modified_time\" content=\"2016-07-22T09:31:26+00:00\" \/>\n<meta property=\"og:image\" content=\"https:\/\/www.internationaled.com\/wp-content\/uploads\/2015\/10\/fondo_programs.jpg\" \/>\n\t<meta property=\"og:image:width\" content=\"1920\" \/>\n\t<meta property=\"og:image:height\" content=\"400\" \/>\n\t<meta property=\"og:image:type\" content=\"image\/jpeg\" \/>\n<meta name=\"twitter:card\" content=\"summary_large_image\" \/>\n<meta name=\"twitter:label1\" content=\"Est. reading time\" \/>\n\t<meta name=\"twitter:data1\" content=\"2 minutes\" \/>\n<script type=\"application\/ld+json\" class=\"yoast-schema-graph\">{\"@context\":\"https:\\\/\\\/schema.org\",\"@graph\":[{\"@type\":\"WebPage\",\"@id\":\"https:\\\/\\\/www.internationaled.com\\\/tr\\\/programs\\\/\",\"url\":\"https:\\\/\\\/www.internationaled.com\\\/tr\\\/programs\\\/\",\"name\":\"Programlar\u0131m\u0131z - Coquitlam School District 43\",\"isPartOf\":{\"@id\":\"https:\\\/\\\/www.internationaled.com\\\/ar\\\/#website\"},\"primaryImageOfPage\":{\"@id\":\"https:\\\/\\\/www.internationaled.com\\\/tr\\\/programs\\\/#primaryimage\"},\"image\":{\"@id\":\"https:\\\/\\\/www.internationaled.com\\\/tr\\\/programs\\\/#primaryimage\"},\"thumbnailUrl\":\"https:\\\/\\\/cdn.internationaled.com\\\/wp-content\\\/uploads\\\/2015\\\/10\\\/fondo_programs.jpg\",\"datePublished\":\"2015-10-19T17:41:24+00:00\",\"dateModified\":\"2016-07-22T09:31:26+00:00\",\"breadcrumb\":{\"@id\":\"https:\\\/\\\/www.internationaled.com\\\/tr\\\/programs\\\/#breadcrumb\"},\"inLanguage\":\"tr\",\"potentialAction\":[{\"@type\":\"ReadAction\",\"target\":[\"https:\\\/\\\/www.internationaled.com\\\/tr\\\/programs\\\/\"]}]},{\"@type\":\"ImageObject\",\"inLanguage\":\"tr\",\"@id\":\"https:\\\/\\\/www.internationaled.com\\\/tr\\\/programs\\\/#primaryimage\",\"url\":\"https:\\\/\\\/cdn.internationaled.com\\\/wp-content\\\/uploads\\\/2015\\\/10\\\/fondo_programs.jpg\",\"contentUrl\":\"https:\\\/\\\/cdn.internationaled.com\\\/wp-content\\\/uploads\\\/2015\\\/10\\\/fondo_programs.jpg\",\"width\":1920,\"height\":400},{\"@type\":\"BreadcrumbList\",\"@id\":\"https:\\\/\\\/www.internationaled.com\\\/tr\\\/programs\\\/#breadcrumb\",\"itemListElement\":[{\"@type\":\"ListItem\",\"position\":1,\"name\":\"Home\",\"item\":\"https:\\\/\\\/www.internationaled.com\\\/tr\\\/\"},{\"@type\":\"ListItem\",\"position\":2,\"name\":\"Programlar\u0131m\u0131z\"}]},{\"@type\":\"WebSite\",\"@id\":\"https:\\\/\\\/www.internationaled.com\\\/ar\\\/#website\",\"url\":\"https:\\\/\\\/www.internationaled.com\\\/ar\\\/\",\"name\":\"Coquitlam School District 43\",\"description\":\"Learning for a Lifetime\",\"potentialAction\":[{\"@type\":\"SearchAction\",\"target\":{\"@type\":\"EntryPoint\",\"urlTemplate\":\"https:\\\/\\\/www.internationaled.com\\\/ar\\\/?s={search_term_string}\"},\"query-input\":{\"@type\":\"PropertyValueSpecification\",\"valueRequired\":true,\"valueName\":\"search_term_string\"}}],\"inLanguage\":\"tr\"}]}<\/script>\n<!-- \/ Yoast SEO plugin. -->","yoast_head_json":{"title":"Programlar\u0131m\u0131z - Coquitlam School District 43","robots":{"index":"index","follow":"follow","max-snippet":"max-snippet:-1","max-image-preview":"max-image-preview:large","max-video-preview":"max-video-preview:-1"},"canonical":"https:\/\/www.internationaled.com\/tr\/programs\/","og_locale":"tr_TR","og_type":"article","og_title":"Programlar\u0131m\u0131z - Coquitlam School District 43","og_description":"Uluslararas\u0131 \u00f6\u011frencilere ders y\u0131l\u0131 boyunca \u00e7ok say\u0131da program sunulmaktad\u0131r. 10 ay s\u00fcren, \u00f6\u011frencilerin normal s\u0131n\u0131flara yerle\u015ftirildi\u011fi programlar yan\u0131nda 1 haftal\u0131k. Temmuz ve A\u011fustos aylar\u0131nda Yaz D\u00f6nemi ESL\/K\u00fclt\u00fcr Program\u0131 sunmaktay\u0131z; bu program sabahlar\u0131 yar\u0131m g\u00fcn s\u0131n\u0131f etkinliklerini, \u00f6\u011fleden sonra ise \u00f6\u011frencilerin yeni kazand\u0131klar\u0131 \u0130ngilizce becerilerini uygulamaya koyabilecekleri k\u00fclt\u00fcr etkinliklerini i\u00e7ermektedir. 9, 10 ve 11. s\u0131n\u0131flar i\u00e7in &hellip; Continue reading Programlar\u0131m\u0131z &rarr;","og_url":"https:\/\/www.internationaled.com\/tr\/programs\/","og_site_name":"Coquitlam School District 43","article_modified_time":"2016-07-22T09:31:26+00:00","og_image":[{"width":1920,"height":400,"url":"https:\/\/www.internationaled.com\/wp-content\/uploads\/2015\/10\/fondo_programs.jpg","type":"image\/jpeg"}],"twitter_card":"summary_large_image","twitter_misc":{"Est. reading time":"2 minutes"},"schema":{"@context":"https:\/\/schema.org","@graph":[{"@type":"WebPage","@id":"https:\/\/www.internationaled.com\/tr\/programs\/","url":"https:\/\/www.internationaled.com\/tr\/programs\/","name":"Programlar\u0131m\u0131z - Coquitlam School District 43","isPartOf":{"@id":"https:\/\/www.internationaled.com\/ar\/#website"},"primaryImageOfPage":{"@id":"https:\/\/www.internationaled.com\/tr\/programs\/#primaryimage"},"image":{"@id":"https:\/\/www.internationaled.com\/tr\/programs\/#primaryimage"},"thumbnailUrl":"https:\/\/cdn.internationaled.com\/wp-content\/uploads\/2015\/10\/fondo_programs.jpg","datePublished":"2015-10-19T17:41:24+00:00","dateModified":"2016-07-22T09:31:26+00:00","breadcrumb":{"@id":"https:\/\/www.internationaled.com\/tr\/programs\/#breadcrumb"},"inLanguage":"tr","potentialAction":[{"@type":"ReadAction","target":["https:\/\/www.internationaled.com\/tr\/programs\/"]}]},{"@type":"ImageObject","inLanguage":"tr","@id":"https:\/\/www.internationaled.com\/tr\/programs\/#primaryimage","url":"https:\/\/cdn.internationaled.com\/wp-content\/uploads\/2015\/10\/fondo_programs.jpg","contentUrl":"https:\/\/cdn.internationaled.com\/wp-content\/uploads\/2015\/10\/fondo_programs.jpg","width":1920,"height":400},{"@type":"BreadcrumbList","@id":"https:\/\/www.internationaled.com\/tr\/programs\/#breadcrumb","itemListElement":[{"@type":"ListItem","position":1,"name":"Home","item":"https:\/\/www.internationaled.com\/tr\/"},{"@type":"ListItem","position":2,"name":"Programlar\u0131m\u0131z"}]},{"@type":"WebSite","@id":"https:\/\/www.internationaled.com\/ar\/#website","url":"https:\/\/www.internationaled.com\/ar\/","name":"Coquitlam School District 43","description":"Learning for a Lifetime","potentialAction":[{"@type":"SearchAction","target":{"@type":"EntryPoint","urlTemplate":"https:\/\/www.internationaled.com\/ar\/?s={search_term_string}"},"query-input":{"@type":"PropertyValueSpecification","valueRequired":true,"valueName":"search_term_string"}}],"inLanguage":"tr"}]}},"_links":{"self":[{"href":"https:\/\/www.internationaled.com\/tr\/wp-json\/wp\/v2\/pages\/2098","targetHints":{"allow":["GET"]}}],"collection":[{"href":"https:\/\/www.internationaled.com\/tr\/wp-json\/wp\/v2\/pages"}],"about":[{"href":"https:\/\/www.internationaled.com\/tr\/wp-json\/wp\/v2\/types\/page"}],"author":[{"embeddable":true,"href":"https:\/\/www.internationaled.com\/tr\/wp-json\/wp\/v2\/users\/14"}],"replies":[{"embeddable":true,"href":"https:\/\/www.internationaled.com\/tr\/wp-json\/wp\/v2\/comments?post=2098"}],"version-history":[{"count":1,"href":"https:\/\/www.internationaled.com\/tr\/wp-json\/wp\/v2\/pages\/2098\/revisions"}],"predecessor-version":[{"id":2286,"href":"https:\/\/www.internationaled.com\/tr\/wp-json\/wp\/v2\/pages\/2098\/revisions\/2286"}],"wp:featuredmedia":[{"embeddable":true,"href":"https:\/\/www.internationaled.com\/tr\/wp-json\/wp\/v2\/media\/317"}],"wp:attachment":[{"href":"https:\/\/www.internationaled.com\/tr\/wp-json\/wp\/v2\/media?parent=2098"}],"curies":[{"name":"wp","href":"https:\/\/api.w.org\/{rel}","templated":true}]}}